{"version":"1.0","provider_name":"The Thinker ","provider_url":"https:\/\/thinking.cafeblog.hu","author_name":"Blog Szerz\u0151je","author_url":"https:\/\/thinking.cafeblog.hu\/author\/vera_kavezoja\/","title":"S\u00edrjunk vagy nevess\u00fcnk?","html":"<p>T\u00e9nyleg neh\u00e9z eld\u00f6nteni.<\/p>\r\n<p><!--more--><\/p>\r\n<p>https:\/\/www.facebook.com\/justanotherwordpresspage\/photos\/a.107067403292\/10157089552488293\/?type=3<\/p>\r\n<p>&nbsp;<\/p>","type":"rich","thumbnail_url":"https:\/\/thinking.cafeblog.hu\/files\/2019\/02\/ketfarku-150x150.jpg","thumbnail_width":150,"thumbnail_height":150}